{"id":140,"date":"2022-07-21T20:37:39","date_gmt":"2022-07-21T20:37:39","guid":{"rendered":"https:\/\/kine-castel.fr\/?page_id=140"},"modified":"2022-10-12T05:30:19","modified_gmt":"2022-10-12T05:30:19","slug":"reeducation-post-covid-19-2","status":"publish","type":"page","link":"https:\/\/kine-castel.fr\/?page_id=140","title":{"rendered":"R\u00e9\u00e9ducation post-Covid 19"},"content":{"rendered":"<p>[et_pb_section fb_built=\u00a0\u00bb1&Prime; _builder_version=\u00a0\u00bb4.14.9&Prime; _module_preset=\u00a0\u00bbdefault\u00a0\u00bb background_image=\u00a0\u00bbhttps:\/\/kine-castel.fr\/wp-content\/uploads\/2022\/07\/header-reeducation-post-covid-19-cabinet-kine-castel-castelnaudary-1.jpg\u00a0\u00bb background_position=\u00a0\u00bbcenter_right\u00a0\u00bb global_colors_info=\u00a0\u00bb{}\u00a0\u00bb][et_pb_row _builder_version=\u00a0\u00bb4.14.9&Prime; _module_preset=\u00a0\u00bbdefault\u00a0\u00bb global_colors_info=\u00a0\u00bb{}\u00a0\u00bb][et_pb_column type=\u00a0\u00bb4_4&Prime; _builder_version=\u00a0\u00bb4.14.9&Prime; _module_preset=\u00a0\u00bbdefault\u00a0\u00bb global_colors_info=\u00a0\u00bb{}\u00a0\u00bb][et_pb_divider show_divider=\u00a0\u00bboff\u00a0\u00bb _builder_version=\u00a0\u00bb4.14.9&Prime; _module_preset=\u00a0\u00bbdefault\u00a0\u00bb height=\u00a0\u00bb40px\u00a0\u00bb global_colors_info=\u00a0\u00bb{}\u00a0\u00bb][\/et_pb_divider][et_pb_text _builder_version=\u00a0\u00bb4.14.9&Prime; _module_preset=\u00a0\u00bbdefault\u00a0\u00bb header_text_align=\u00a0\u00bbcenter\u00a0\u00bb header_text_color=\u00a0\u00bb#090909&Prime; header_2_text_align=\u00a0\u00bbcenter\u00a0\u00bb background_color=\u00a0\u00bbrgba(255,255,255,0.32)\u00a0\u00bb custom_padding=\u00a0\u00bb20px||10px||false|false\u00a0\u00bb header_text_shadow_style=\u00a0\u00bbpreset3&Prime; header_text_shadow_blur_strength=\u00a0\u00bb1.21em\u00a0\u00bb header_text_shadow_color=\u00a0\u00bb#FFFFFF\u00a0\u00bb header_2_text_shadow_style=\u00a0\u00bbpreset3&Prime; header_2_text_shadow_blur_strength=\u00a0\u00bb0.99em\u00a0\u00bb header_2_text_shadow_color=\u00a0\u00bb#FFFFFF\u00a0\u00bb global_colors_info=\u00a0\u00bb{}\u00a0\u00bb]<\/p>\n<h1>R\u00e9\u00e9ducation post-Covid 19<\/h1>\n<h2>R\u00e9\u00e9duquez vous apr\u00e8s le Covid-19 au cabinet kin\u00e9 castel \u00e0 Castelnaudary<\/h2>\n<p>[\/et_pb_text][et_pb_divider show_divider=\u00a0\u00bboff\u00a0\u00bb _builder_version=\u00a0\u00bb4.14.9&Prime; _module_preset=\u00a0\u00bbdefault\u00a0\u00bb height=\u00a0\u00bb40px\u00a0\u00bb global_colors_info=\u00a0\u00bb{}\u00a0\u00bb][\/et_pb_divider][et_pb_button button_url=\u00a0\u00bbhttps:\/\/www.doctolib.fr\/masseur-kinesitherapeute\/toulouse\/fabien-cadel\u00a0\u00bb button_text=\u00a0\u00bbPrendre rendez-vous\u00a0\u00bb button_alignment=\u00a0\u00bbcenter\u00a0\u00bb _builder_version=\u00a0\u00bb4.14.9&Prime; _module_preset=\u00a0\u00bbdefault\u00a0\u00bb custom_button=\u00a0\u00bbon\u00a0\u00bb button_text_color=\u00a0\u00bb#FFFFFF\u00a0\u00bb button_bg_color=\u00a0\u00bb#F46E00&Prime; button_border_color=\u00a0\u00bb#F46E00&Prime; button_border_radius=\u00a0\u00bb34px\u00a0\u00bb background_layout=\u00a0\u00bbdark\u00a0\u00bb global_colors_info=\u00a0\u00bb{}\u00a0\u00bb][\/et_pb_button][\/et_pb_column][\/et_pb_row][\/et_pb_section][et_pb_section fb_built=\u00a0\u00bb1&Prime; _builder_version=\u00a0\u00bb4.14.9&Prime; _module_preset=\u00a0\u00bbdefault\u00a0\u00bb custom_padding=\u00a0\u00bb14px||8px|||\u00a0\u00bb global_colors_info=\u00a0\u00bb{}\u00a0\u00bb][et_pb_row column_structure=\u00a0\u00bb1_2,1_2&Prime; _builder_version=\u00a0\u00bb4.14.9&Prime; _module_preset=\u00a0\u00bbdefault\u00a0\u00bb global_colors_info=\u00a0\u00bb{}\u00a0\u00bb][et_pb_column type=\u00a0\u00bb1_2&Prime; _builder_version=\u00a0\u00bb4.14.9&Prime; _module_preset=\u00a0\u00bbdefault\u00a0\u00bb global_colors_info=\u00a0\u00bb{}\u00a0\u00bb][et_pb_image src=\u00a0\u00bbhttps:\/\/kine-castel.fr\/wp-content\/uploads\/2022\/07\/reeducation-post-covid-19.jpg\u00a0\u00bb title_text=\u00a0\u00bbreeducation-post-covid-19&Prime; _builder_version=\u00a0\u00bb4.14.9&Prime; _module_preset=\u00a0\u00bbdefault\u00a0\u00bb global_colors_info=\u00a0\u00bb{}\u00a0\u00bb][\/et_pb_image][\/et_pb_column][et_pb_column type=\u00a0\u00bb1_2&Prime; _builder_version=\u00a0\u00bb4.14.9&Prime; _module_preset=\u00a0\u00bbdefault\u00a0\u00bb global_colors_info=\u00a0\u00bb{}\u00a0\u00bb][et_pb_text _builder_version=\u00a0\u00bb4.14.9&Prime; _module_preset=\u00a0\u00bbdefault\u00a0\u00bb global_colors_info=\u00a0\u00bb{}\u00a0\u00bb]<\/p>\n<h2><span style=\"font-weight: 400;\">Pourquoi une r\u00e9\u00e9ducation apr\u00e8s le Covid 19 ?<\/span><\/h2>\n<p><span style=\"font-weight: 400;\">Depuis la fin 2019, bon nombre d\u2019entre nous furent infect\u00e9s par le virus du SRAS COV-19 et ses variants.<\/span><\/p>\n<p><span style=\"font-weight: 400;\">A ce jour, nous sommes face \u00e0 des personnes pr\u00e9sentant des s\u00e9quelles dites de Covid-long. Ces s\u00e9quelles sont principalement cardia-respiratoires et musculaires mais elles peuvent \u00eatre psychologique, psychosomatique etc<\/span><\/p>\n<p>[\/et_pb_text][\/et_pb_column][\/et_pb_row][\/et_pb_section][et_pb_section fb_built=\u00a0\u00bb1&Prime; _builder_version=\u00a0\u00bb4.14.9&Prime; _module_preset=\u00a0\u00bbdefault\u00a0\u00bb custom_padding=\u00a0\u00bb14px||8px|||\u00a0\u00bb global_colors_info=\u00a0\u00bb{}\u00a0\u00bb][et_pb_row column_structure=\u00a0\u00bb1_2,1_2&Prime; _builder_version=\u00a0\u00bb4.14.9&Prime; _module_preset=\u00a0\u00bbdefault\u00a0\u00bb global_colors_info=\u00a0\u00bb{}\u00a0\u00bb][et_pb_column type=\u00a0\u00bb1_2&Prime; _builder_version=\u00a0\u00bb4.14.9&Prime; _module_preset=\u00a0\u00bbdefault\u00a0\u00bb global_colors_info=\u00a0\u00bb{}\u00a0\u00bb][et_pb_text _builder_version=\u00a0\u00bb4.14.9&Prime; _module_preset=\u00a0\u00bbdefault\u00a0\u00bb hover_enabled=\u00a0\u00bb0&Prime; global_colors_info=\u00a0\u00bb{}\u00a0\u00bb sticky_enabled=\u00a0\u00bb0&Prime;]<\/p>\n<h2><span style=\"font-weight: 400;\">Les s\u00e9ances pour cette prise en charge se d\u00e9roulent de la fa\u00e7on suivante:\u00a0<\/span><\/h2>\n<ul>\n<li style=\"font-weight: 400;\" aria-level=\"1\"><span style=\"font-weight: 400;\">Bilan initial permettant d\u2019\u00e9valuer votre condition physique. Cela permet de mettre en place un programme adapt\u00e9 et adaptable \u00e0 tout instant<\/span><\/li>\n<li style=\"font-weight: 400;\" aria-level=\"1\"><span style=\"font-weight: 400;\">Mise en place du traitement et des exercices contr\u00f4l\u00e9s par un oxym\u00e8tre de pouls afin de ne pas d\u00e9passer la zone qui sera plus d\u00e9l\u00e9t\u00e8re que b\u00e9n\u00e9fique<\/span><\/li>\n<\/ul>\n<p>[\/et_pb_text][\/et_pb_column][et_pb_column type=\u00a0\u00bb1_2&Prime; _builder_version=\u00a0\u00bb4.14.9&Prime; _module_preset=\u00a0\u00bbdefault\u00a0\u00bb global_colors_info=\u00a0\u00bb{}\u00a0\u00bb][et_pb_image src=\u00a0\u00bbhttps:\/\/kine-castel.fr\/wp-content\/uploads\/2022\/07\/reeducation-cardio-respiratoire.jpg\u00a0\u00bb title_text=\u00a0\u00bbreeducation-cardio-respiratoire\u00a0\u00bb _builder_version=\u00a0\u00bb4.14.9&Prime; _module_preset=\u00a0\u00bbdefault\u00a0\u00bb global_colors_info=\u00a0\u00bb{}\u00a0\u00bb][\/et_pb_image][\/et_pb_column][\/et_pb_row][\/et_pb_section][et_pb_section fb_built=\u00a0\u00bb1&Prime; _builder_version=\u00a0\u00bb4.14.9&Prime; _module_preset=\u00a0\u00bbdefault\u00a0\u00bb background_image=\u00a0\u00bbhttps:\/\/kine-castel.fr\/wp-content\/uploads\/2022\/07\/salle-kine-sport-castelnaudary.jpg\u00a0\u00bb global_colors_info=\u00a0\u00bb{}\u00a0\u00bb][et_pb_row _builder_version=\u00a0\u00bb4.14.9&Prime; _module_preset=\u00a0\u00bbdefault\u00a0\u00bb width=\u00a0\u00bb100%\u00a0\u00bb max_width=\u00a0\u00bb2560px\u00a0\u00bb global_colors_info=\u00a0\u00bb{}\u00a0\u00bb][et_pb_column type=\u00a0\u00bb4_4&Prime; _builder_version=\u00a0\u00bb4.14.9&Prime; _module_preset=\u00a0\u00bbdefault\u00a0\u00bb global_colors_info=\u00a0\u00bb{}\u00a0\u00bb][et_pb_divider show_divider=\u00a0\u00bboff\u00a0\u00bb _builder_version=\u00a0\u00bb4.14.9&Prime; _module_preset=\u00a0\u00bbdefault\u00a0\u00bb height=\u00a0\u00bb60px\u00a0\u00bb global_colors_info=\u00a0\u00bb{}\u00a0\u00bb][\/et_pb_divider][et_pb_button button_url=\u00a0\u00bbhttps:\/\/www.doctolib.fr\/masseur-kinesitherapeute\/toulouse\/fabien-cadel\u00a0\u00bb button_text=\u00a0\u00bbPrendre rendez-vous\u00a0\u00bb button_alignment=\u00a0\u00bbcenter\u00a0\u00bb _builder_version=\u00a0\u00bb4.14.9&Prime; _module_preset=\u00a0\u00bbdefault\u00a0\u00bb custom_button=\u00a0\u00bbon\u00a0\u00bb button_text_color=\u00a0\u00bb#FFFFFF\u00a0\u00bb button_bg_color=\u00a0\u00bb#F46E00&Prime; button_border_color=\u00a0\u00bb#F46E00&Prime; button_border_radius=\u00a0\u00bb34px\u00a0\u00bb background_layout=\u00a0\u00bbdark\u00a0\u00bb global_colors_info=\u00a0\u00bb{}\u00a0\u00bb][\/et_pb_button][et_pb_divider show_divider=\u00a0\u00bboff\u00a0\u00bb _builder_version=\u00a0\u00bb4.14.9&Prime; _module_preset=\u00a0\u00bbdefault\u00a0\u00bb height=\u00a0\u00bb60px\u00a0\u00bb global_colors_info=\u00a0\u00bb{}\u00a0\u00bb][\/et_pb_divider][\/et_pb_column][\/et_pb_row][\/et_pb_section]<\/p>\n","protected":false},"excerpt":{"rendered":"<p>R\u00e9\u00e9ducation post-Covid 19 R\u00e9\u00e9duquez vous apr\u00e8s le Covid-19 au cabinet kin\u00e9 castel \u00e0 CastelnaudaryPourquoi une r\u00e9\u00e9ducation apr\u00e8s le Covid 19 ? Depuis la fin 2019, bon nombre d\u2019entre nous furent infect\u00e9s par le virus du SRAS COV-19 et ses variants. A ce jour, nous sommes face \u00e0 des personnes pr\u00e9sentant des s\u00e9quelles dites de Covid-long. [&hellip;]<\/p>\n","protected":false},"author":2,"featured_media":0,"parent":0,"menu_order":0,"comment_status":"closed","ping_status":"closed","template":"","meta":{"_et_pb_use_builder":"on","_et_pb_old_content":"","_et_gb_content_width":"","footnotes":""},"class_list":["post-140","page","type-page","status-publish","hentry"],"yoast_head":"<!-- This site is optimized with the Yoast SEO plugin v19.3 - https:\/\/yoast.com\/wordpress\/plugins\/seo\/ -->\n<title>R\u00e9\u00e9ducation post-Covid 19 - Kin\u00e9 Castel<\/title>\n<meta name=\"robots\" content=\"index, follow, max-snippet:-1, max-image-preview:large, max-video-preview:-1\" \/>\n<link rel=\"canonical\" href=\"https:\/\/kine-castel.fr\/?page_id=140\" \/>\n<meta property=\"og:locale\" content=\"fr_FR\" \/>\n<meta property=\"og:type\" content=\"article\" \/>\n<meta property=\"og:title\" content=\"R\u00e9\u00e9ducation post-Covid 19 - Kin\u00e9 Castel\" \/>\n<meta property=\"og:description\" content=\"R\u00e9\u00e9ducation post-Covid 19 R\u00e9\u00e9duquez vous apr\u00e8s le Covid-19 au cabinet kin\u00e9 castel \u00e0 CastelnaudaryPourquoi une r\u00e9\u00e9ducation apr\u00e8s le Covid 19 ? Depuis la fin 2019, bon nombre d\u2019entre nous furent infect\u00e9s par le virus du SRAS COV-19 et ses variants. A ce jour, nous sommes face \u00e0 des personnes pr\u00e9sentant des s\u00e9quelles dites de Covid-long. [&hellip;]\" \/>\n<meta property=\"og:url\" content=\"https:\/\/kine-castel.fr\/?page_id=140\" \/>\n<meta property=\"og:site_name\" content=\"Kin\u00e9 Castel\" \/>\n<meta property=\"article:modified_time\" content=\"2022-10-12T05:30:19+00:00\" \/>\n<meta name=\"twitter:card\" content=\"summary_large_image\" \/>\n<script type=\"application\/ld+json\" class=\"yoast-schema-graph\">{\"@context\":\"https:\/\/schema.org\",\"@graph\":[{\"@type\":\"WebSite\",\"@id\":\"https:\/\/kine-castel.fr\/#website\",\"url\":\"https:\/\/kine-castel.fr\/\",\"name\":\"Kin\u00e9 Castel\",\"description\":\"Fabien Cadel, masseur-kin\u00e9sith\u00e9rapeute \u00e0 Castelnaudary\",\"potentialAction\":[{\"@type\":\"SearchAction\",\"target\":{\"@type\":\"EntryPoint\",\"urlTemplate\":\"https:\/\/kine-castel.fr\/?s={search_term_string}\"},\"query-input\":\"required name=search_term_string\"}],\"inLanguage\":\"fr-FR\"},{\"@type\":\"WebPage\",\"@id\":\"https:\/\/kine-castel.fr\/?page_id=140\",\"url\":\"https:\/\/kine-castel.fr\/?page_id=140\",\"name\":\"R\u00e9\u00e9ducation post-Covid 19 - Kin\u00e9 Castel\",\"isPartOf\":{\"@id\":\"https:\/\/kine-castel.fr\/#website\"},\"datePublished\":\"2022-07-21T20:37:39+00:00\",\"dateModified\":\"2022-10-12T05:30:19+00:00\",\"breadcrumb\":{\"@id\":\"https:\/\/kine-castel.fr\/?page_id=140#breadcrumb\"},\"inLanguage\":\"fr-FR\",\"potentialAction\":[{\"@type\":\"ReadAction\",\"target\":[\"https:\/\/kine-castel.fr\/?page_id=140\"]}]},{\"@type\":\"BreadcrumbList\",\"@id\":\"https:\/\/kine-castel.fr\/?page_id=140#breadcrumb\",\"itemListElement\":[{\"@type\":\"ListItem\",\"position\":1,\"name\":\"Accueil\",\"item\":\"https:\/\/kine-castel.fr\/\"},{\"@type\":\"ListItem\",\"position\":2,\"name\":\"R\u00e9\u00e9ducation post-Covid 19\"}]}]}<\/script>\n<!-- \/ Yoast SEO plugin. -->","yoast_head_json":{"title":"R\u00e9\u00e9ducation post-Covid 19 - Kin\u00e9 Castel","robots":{"index":"index","follow":"follow","max-snippet":"max-snippet:-1","max-image-preview":"max-image-preview:large","max-video-preview":"max-video-preview:-1"},"canonical":"https:\/\/kine-castel.fr\/?page_id=140","og_locale":"fr_FR","og_type":"article","og_title":"R\u00e9\u00e9ducation post-Covid 19 - Kin\u00e9 Castel","og_description":"R\u00e9\u00e9ducation post-Covid 19 R\u00e9\u00e9duquez vous apr\u00e8s le Covid-19 au cabinet kin\u00e9 castel \u00e0 CastelnaudaryPourquoi une r\u00e9\u00e9ducation apr\u00e8s le Covid 19 ? Depuis la fin 2019, bon nombre d\u2019entre nous furent infect\u00e9s par le virus du SRAS COV-19 et ses variants. A ce jour, nous sommes face \u00e0 des personnes pr\u00e9sentant des s\u00e9quelles dites de Covid-long. [&hellip;]","og_url":"https:\/\/kine-castel.fr\/?page_id=140","og_site_name":"Kin\u00e9 Castel","article_modified_time":"2022-10-12T05:30:19+00:00","twitter_card":"summary_large_image","schema":{"@context":"https:\/\/schema.org","@graph":[{"@type":"WebSite","@id":"https:\/\/kine-castel.fr\/#website","url":"https:\/\/kine-castel.fr\/","name":"Kin\u00e9 Castel","description":"Fabien Cadel, masseur-kin\u00e9sith\u00e9rapeute \u00e0 Castelnaudary","potentialAction":[{"@type":"SearchAction","target":{"@type":"EntryPoint","urlTemplate":"https:\/\/kine-castel.fr\/?s={search_term_string}"},"query-input":"required name=search_term_string"}],"inLanguage":"fr-FR"},{"@type":"WebPage","@id":"https:\/\/kine-castel.fr\/?page_id=140","url":"https:\/\/kine-castel.fr\/?page_id=140","name":"R\u00e9\u00e9ducation post-Covid 19 - Kin\u00e9 Castel","isPartOf":{"@id":"https:\/\/kine-castel.fr\/#website"},"datePublished":"2022-07-21T20:37:39+00:00","dateModified":"2022-10-12T05:30:19+00:00","breadcrumb":{"@id":"https:\/\/kine-castel.fr\/?page_id=140#breadcrumb"},"inLanguage":"fr-FR","potentialAction":[{"@type":"ReadAction","target":["https:\/\/kine-castel.fr\/?page_id=140"]}]},{"@type":"BreadcrumbList","@id":"https:\/\/kine-castel.fr\/?page_id=140#breadcrumb","itemListElement":[{"@type":"ListItem","position":1,"name":"Accueil","item":"https:\/\/kine-castel.fr\/"},{"@type":"ListItem","position":2,"name":"R\u00e9\u00e9ducation post-Covid 19"}]}]}},"_links":{"self":[{"href":"https:\/\/kine-castel.fr\/index.php?rest_route=\/wp\/v2\/pages\/140","targetHints":{"allow":["GET"]}}],"collection":[{"href":"https:\/\/kine-castel.fr\/index.php?rest_route=\/wp\/v2\/pages"}],"about":[{"href":"https:\/\/kine-castel.fr\/index.php?rest_route=\/wp\/v2\/types\/page"}],"author":[{"embeddable":true,"href":"https:\/\/kine-castel.fr\/index.php?rest_route=\/wp\/v2\/users\/2"}],"replies":[{"embeddable":true,"href":"https:\/\/kine-castel.fr\/index.php?rest_route=%2Fwp%2Fv2%2Fcomments&post=140"}],"version-history":[{"count":3,"href":"https:\/\/kine-castel.fr\/index.php?rest_route=\/wp\/v2\/pages\/140\/revisions"}],"predecessor-version":[{"id":176,"href":"https:\/\/kine-castel.fr\/index.php?rest_route=\/wp\/v2\/pages\/140\/revisions\/176"}],"wp:attachment":[{"href":"https:\/\/kine-castel.fr\/index.php?rest_route=%2Fwp%2Fv2%2Fmedia&parent=140"}],"curies":[{"name":"wp","href":"https:\/\/api.w.org\/{rel}","templated":true}]}}